{"id":23791,"date":"2025-01-21T18:31:13","date_gmt":"2025-01-21T17:31:13","guid":{"rendered":"https:\/\/wpempresa.com\/eurytion\/nuestros-autores\/"},"modified":"2025-01-21T18:31:13","modified_gmt":"2025-01-21T17:31:13","slug":"nuestros-autores","status":"publish","type":"page","link":"https:\/\/eurytionpress.com\/en\/nuestros-autores\/","title":{"rendered":"Nuestros Autores"},"content":{"rendered":"\t\t<div data-elementor-type=\"wp-page\" data-elementor-id=\"23791\" class=\"elementor elementor-23791 elementor-20424\">\n\t\t\t\t\t\t<section class=\"elementor-section-with-custom-width elementor-section elementor-top-section elementor-element elementor-element-29ebf7e elementor-section-boxed elementor-section-height-default elementor-section-height-default sc_fly_static\" data-id=\"29ebf7e\" data-element_type=\"section\">\n\t\t\t\t\t\t<div class=\"elementor-container elementor-column-gap-default\">\n\t\t\t\t\t<div class=\"elementor-column elementor-col-100 elementor-top-column elementor-element elementor-element-1d863e9 sc_content_align_inherit sc_layouts_column_icons_position_left sc_fly_static\" data-id=\"1d863e9\" data-element_type=\"column\">\n\t\t\t<div class=\"elementor-widget-wrap elementor-element-populated\">\n\t\t\t\t\t\t<div class=\"elementor-element elementor-element-dcad748 sc_fly_static elementor-widget elementor-widget-text-editor\" data-id=\"dcad748\" data-element_type=\"widget\" data-widget_type=\"text-editor.default\">\n\t\t\t\t<div class=\"elementor-widget-container\">\n\t\t\t\t\t\t\t\t\t<p style=\"text-align: justify;\"><span style=\"color: #666699;\"><strong>MAR\u00cdA JOS\u00c9 ACEBES<\/strong><\/span> Psic\u00f3loga especializada en Neuropsicolog\u00eda y Psicoterapia. Trabaja en el campo de las alteraciones y trastornos neuropsiqui\u00e1tricos. Investiga e imparte docencia en asignaturas relacionadas con la neurociencia y la neuropsicolog\u00eda en la <strong>UOC<\/strong> y en el CUCC.<\/p><ul><li><em><strong>12 mitos sobre el autismo. Nuevas Perspectivas cient\u00edficas sobre el TEA<\/strong><\/em> (N\u00famero 5,\u00a0 2019)<\/li><\/ul><p style=\"text-align: justify;\"><span style=\"color: #666699;\"><strong>\u00daRSULA ARAGUNDE-KOHL<\/strong><\/span>\u00a0Psic\u00f3loga cl\u00ednica y profesora investigadora en la <strong>Universidad del Turabo<\/strong> (SUAGM, Puerto Rico-Estados Unidos). Fund\u00f3 PR Animals (www.pranimals.org),una fundaci\u00f3n sin fines de lucro centrada en la educaci\u00f3n compasiva a todos los niveles y en rescatar y rehabilitar perros y gatos callejeros para encontrarles un hogar. Sus principales l\u00edneas de investigaci\u00f3n se enfocan hacia la educaci\u00f3n compasiva dirigida principalmente hacia los animales de compa\u00f1\u00eda y en intervenciones asistidas por animales en escenarios de salud. Uno de sus estudios m\u00e1s innovadores explora c\u00f3mo las mascotas pueden ser un factor protector y el papel que ejercen a la hora de decidir salir o no de un c\u00edrculo de violencia de g\u00e9nero. Posee m\u00faltiples publicaciones a nivel internacional y es una voz incansable en defensa de los animales callejeros en su pa\u00eds.<\/p><ul><li><em><strong>FUNDACI\u00d3N PR ANIMALS. Educaci\u00f3n compasiva y acciones solidarias con animales en Puerto Rico<\/strong><\/em> (N\u00famero 2,\u00a0 2017)<\/li><\/ul><p style=\"text-align: justify;\"><span style=\"color: #666699;\"><strong>LEYRE ARTIZ <\/strong><\/span>Periodista en el Departamento de Medios y Comunicaci\u00f3n del Conocimiento de la <strong>Universitat Oberta de Catalunya (UOC)<\/strong>. Ha trabajado en diversos medios de comunicaci\u00f3n, en su \u00faltima etapa en revistas relacionadas con la educaci\u00f3n y el parenting.<\/p><ul><li><em><strong>12 mitos sobre el autismo. Nuevas Perspectivas cient\u00edficas sobre el TEA<\/strong><\/em> (N\u00famero 5,\u00a0 2019)<\/li><\/ul><p style=\"text-align: justify;\"><span style=\"color: #666699;\"><strong>JOS\u00c9 ADOLFO DE AZC\u00c1RRAGA<\/strong><\/span>\u00a0Catedr\u00e1tico (Em\u00e9rito) de F\u00edsica Te\u00f3rica de la <strong>Universidad de Valencia<\/strong> y miembro del IFIC (CSIC-UVEG); antes perteneci\u00f3 a la de Salamanca. Ampli\u00f3 su formaci\u00f3n cient\u00edfica en numerosas estancias en el extranjero, especialmente en Cambridge y Oxford. A su actividad docente e Investigadora une un genuino inter\u00e9s por acercar la ciencia a la sociedad, y ha escrito con frecuencia sobre estas cuestiones. El autor fue miembro de la Comisi\u00f3n de Expertos que redact\u00f3 el Informe para la reforma y mejora de la calidad y eficiencia del SUE de 2013.<\/p><ul><li><a href=\"https:\/\/wpempresa.com\/eurytion\/el-ranking-de-shanghai-y-las-universidades-publicas-espanolas\/\"><em><strong>El ranking de Shangh\u00e1i y las universidades p\u00fablicas espa\u00f1olas<\/strong><\/em><\/a> (N\u00famero 2,\u00a0 2017)<\/li><\/ul><p style=\"text-align: justify;\"><span style=\"color: #666699;\"><strong>JOS\u00c9 MANUEL BAENA MART\u00cdNEZ<\/strong><\/span>\u00a0 es Ingeniero Industrial\u00a0por la Universidad Polit\u00e9cnica de Valencia,\u00a0investigador asociado en bioingenier\u00eda, bioimpresi\u00f3n\u00a0y terapias avanzadas en la Universidad de Granada\u00a0e Instituto de Investigaci\u00f3n del Hospital Universitario\u00a0La Paz de Madrid. Fundador y CEO de las empresas\u00a0BRECA Health Care (@BRECAHealthCare) y\u00a0Regemat 3D (@Regemat3D) dedicadas a la medicina\u00a0regenerativa con actividad en m\u00e1s de 18 pa\u00edses.<\/p><ul><li><a href=\"https:\/\/wpempresa.com\/eurytion\/bioimpresion-fabricar-tejidos-y-organos-humanos\/\"><em><strong>Bioimpresi\u00f3n: Fabricar tejidos y \u00f3rganos humanos<\/strong><\/em><\/a>\u00a0(N\u00famero 3, 2018)<\/li><\/ul><p style=\"text-align: justify;\"><span style=\"color: #666699;\"><strong>JOAQU\u00cdN CERD\u00c1 BOLUDA<\/strong><\/span>\u00a0es Ingeniero en Telecomunicaci\u00f3n, Doctor en Electr\u00f3nica, Licenciado en Ciencias F\u00edsicas y Profesor Titular en la Escuela T\u00e9cnica Superior de Ingenieros de Telecomunicaci\u00f3n dentro del Departamento de Ingenier\u00eda Electr\u00f3nica de la <strong>Universitat Polit\u00e8cnica de Val\u00e8ncia<\/strong>. Como investigador ha realizado importantes aportaciones a los campos de la imagen f\u00edsica m\u00e9dica, los aut\u00f3matas celulares, las unidades de procesamiento gr\u00e1fico o los modelos f\u00edsico-econ\u00f3micos basados en gases reticulares. Tiene m\u00e1s de treinta art\u00edculos en revistas de reconocido prestigio, comunicaciones en congresos internacionales y numerosos premios como escritor de teatro, narrativa infantil y juvenil, destacando la novela de misterio La mano de Dios y la serie de novelas infantiles Els enigmes d\u2019en Bredford Bannings [<a href=\"http:\/\/www.ximocerda.com\">http:\/\/www.ximocerda.com<\/a>]<\/p><ul><li><a href=\"https:\/\/wpempresa.com\/eurytion\/vivimos-en-un-holograma\/\"><em><strong>\u00bfVivimos en un holograma? El Principio Hologr\u00e1fico<\/strong><\/em><\/a>\u00a0(N\u00famero 1, 2017)<\/li><li><a href=\"https:\/\/wpempresa.com\/eurytion\/criptologia-la-ciencia-de-lo-oculto\/\"><em><strong>Criptolog\u00eda: La ciencia de lo oculto<\/strong><\/em><\/a>\u00a0(N\u00famero 2,\u00a0 2017)<\/li><\/ul><p><span style=\"color: #666699;\"><strong>JOHN COOK<\/strong><\/span> Research Assistant Professor del Center for Climate Change Communication de la <strong>Universidad George Mason<\/strong>, es especialista en ciencia cognitiva.<\/p><ul><li><a href=\"https:\/\/wpempresa.com\/eurytion\/informacion-y-desinformacion-en-torno-al-cambio-climatico\/\"><em><strong>\u00bfEs posible un consenso sobre el cambio clim\u00e1tico? <\/strong><\/em><\/a>(N\u00famero 5, 2019)<\/li><\/ul><p style=\"text-align: justify;\"><span style=\"color: #666699;\"><strong>M\u00d3NICA CORNEJO VALLE<\/strong><\/span>\u00a0es actualmente Profesora Contratada Doctora de la <strong>Universidad Complutense de Madrid<\/strong>, donde imparte materias relacionadas con la Antropolog\u00eda de la Religi\u00f3n. Ha investigado sobre Catolicismo popular, publicando numerosos art\u00edculos y cap\u00edtulos de libros sobre el tema, as\u00ed como el libro La Construcci\u00f3n Antropol\u00f3gica de la Religi\u00f3n (2008), trabajo por el que recibi\u00f3 el Premio Nacional a la Investigaci\u00f3n Cultural del Ministerio de Cultura de Espa\u00f1a. Otros libros dirigidos por la autora son Teor\u00edas y pr\u00e1cticas emergentes en Antropolog\u00eda de la Religi\u00f3n (2008) y El reencuentro de salud y espiritualidad: saberes, agencias y pr\u00e1cticas perif\u00e9ricas (2014). En la actualidad trabaja en el marco del proyecto \u201cExpresiones religiosas en el espacio urbano en Madrid y Barcelona. Un estudio de casos m\u00faltiple sobre la visibilidad de la diversidad religiosa en el espacio p\u00fablico\u201d (CSO2015-66198-P).<\/p><ul><li><a href=\"https:\/\/wpempresa.com\/eurytion\/cosmologia-los-origenes-inesperados-del-universo-2\/\"><em><strong>Los or\u00edgenes del cosmos en las religiones: De las aguas primordiales a matrix<\/strong><\/em><\/a>(N\u00famero 1, 2017)<\/li><\/ul><p style=\"text-align: justify;\"><span style=\"color: #666699;\"><strong>\u00d3SCAR DELGADO MOHACAR<\/strong><\/span>\u00a0Profesor Ayudante en la Escuela Polit\u00e9cnica Superior de la <strong>Universidad Aut\u00f3noma de Madrid<\/strong>, Ingeniero Inform\u00e1tico por la Universidad Polit\u00e9cnica de Madrid, Doctor en Ciencias y Tecnolog\u00edas Inform\u00e1ticas por la Universidad Carlos III de Madrid y DEA en Dise\u00f1o, an\u00e1lisis y aplicaciones de Sistemas Inteligentes por la Universidad de Granada, con m\u00e1s de 15 a\u00f1os de experiencia en el sector de la seguridad inform\u00e1tica, entre los que destacan: Jefe del Servicio de Monitorizaci\u00f3n de la seguridad en BBVA (s21sec), Investigador en Verisign (Boston, EEUU) y CTO de EnCifra.<\/p><ul><li><em><strong>Alan Turing<\/strong><\/em> (N\u00famero 2,\u00a0 2017)<\/li><\/ul><p style=\"text-align: justify;\"><span style=\"color: #666699;\"><strong>ESTELA M. D\u00cdAZ<\/strong><\/span> Profesora Asociada en la <strong>Universidad Pontificia Comillas<\/strong> y activista por los derechos humanos y animales. Doctora en Econom\u00eda y Administraci\u00f3n de Empresas (Universidad Pontificia Comillas), Licenciada en Derecho (Universidad de Granada), M\u00e1ster en Sostenibilidad y RSC (UNED y UJI) y M\u00e1ster en Investigaci\u00f3n en Econom\u00eda y Empresa (Universidad Pontificia Comillas). Su investigaci\u00f3n se centra en el consumo \u00e9tico y transformador, relaciones humano-animales, g\u00e9nero, transiciones, teor\u00edas de poder y trabajo institucional. Ha presentado ponencias y publicado en revistas acad\u00e9micas como Human Ecology Review, Psychology and Marketing, Macromarketing y Antrozo\u00f6s.<\/p><ul><li><a href=\"https:\/\/wpempresa.com\/eurytion\/habitos-alimenticios-y-calentamiento-global-cuanto-le-cuesta-realmente-tu-hamburguesa-al-planeta\/\"><em><strong>H\u00e1bitos alimenticios y calentamiento global \u00bfcu\u00e1nto le cuesta (realmente) tu hamburguesa al planeta?<\/strong><\/em><\/a>\u00a0(N\u00famero 5, 2019)<\/li><\/ul><p style=\"text-align: justify;\"><span style=\"color: #666699;\"><strong>MAR\u00cdA DEL CARMEN FERN\u00c1NDEZ ALONSO<\/strong><\/span>\u00a0trabaja en\u00a0el <strong>Centro de Investigaciones Biol\u00f3gicas<\/strong> del <strong>CSIC<\/strong>. Es licenciada en Bioqu\u00edmica y doctora en Ciencias Qu\u00edmicas por la Universidad de Vigo, m\u00e1ster en Periodismo y Comunicaci\u00f3n de la Ciencia, Tecnolog\u00eda, Medioambiente y Salud por la Universidad Carlos III de Madrid, comunicadora cient\u00edfica en prensa y radio, organizadora de charlas divulgativas (ciclos Jam Science y Historias en la Casa de Fieras, ambos en Madrid) y autora del libro <em>C\u00f3mo se fabrica un\u00a0medicamento<\/em> (CSIC y Catarata, 2018) junto con\u00a0Nuria E. Campillo, cient\u00edfica titular del Centro de\u00a0Investigaciones Biol\u00f3gicas.<\/p><ul><li><a href=\"https:\/\/wpempresa.com\/eurytion\/por-que-envejecemos-y-como-la-ciencia-trata-de-impedirlo\/\"><em><strong>Por qu\u00e9 envejecemos y c\u00f3mo la ciencia trata de impedirlo<\/strong><\/em><\/a> (N\u00famero 3, 2018)<\/li><\/ul><p style=\"text-align: justify;\"><span style=\"color: #666699;\"><strong>JAVIER FERN\u00c1NDEZ LOZANO<\/strong><\/span> Profesor del Departamento de Ciencias de la Tierra y F\u00edsica de la Materia Condensada de la <strong>Universidad de Cantabria<\/strong>. Piloto de dron y operador certificado por la Agencia Estatal de Seguridad A\u00e9rea; especialista en aplicaciones geom\u00e1ticas basadas en fotogrametr\u00eda terrestre y a\u00e9rea realizada con drones, as\u00ed como l\u00e1ser (LiDAR) aerotransportado y terrestre. Su estudio se centra en los cambios morfol\u00f3gicos del relieve de origen natural y antr\u00f3pico, relacionados con la actividad minera dentro del \u00e1rea de Arqueominer\u00eda. Es Coordinador de la Comisi\u00f3n de Geoarqueolog\u00eda de la Sociedad Geol\u00f3gica de Espa\u00f1a y forma parte del Consejo Editor de la Revista Internacional Mapping. Posee los t\u00edtulos de Doctor en Ciencias Geol\u00f3gicas por la Universidad de Utrecht y M\u00e1ster en Comunicaci\u00f3n Cient\u00edfica por la Universitat Pompeu Fabra de Barcelona. Adem\u00e1s, es t\u00e9cnico en fotogrametr\u00eda y topograf\u00eda por la Universidad Polit\u00e9cnica de Madrid. Es autor de m\u00e1s de 90 art\u00edculos cient\u00edficos y 5 libros.<\/p><ul><li><a href=\"https:\/\/wpempresa.com\/eurytion\/drones-y-geoarqueologia-documentan-el-mayor-complejo-aurifero-europeo-de-la-antiguedad\/\"><em><strong>Drones y Geoarqueolog\u00eda. Documentan el mayor complejo aur\u00edfero europeo de la antig\u00fcedad<\/strong><\/em><\/a>\u00a0(N\u00famero 5, julio 2019)<\/li><\/ul><p style=\"text-align: justify;\"><strong><span style=\"color: #666699;\">MARIO FERN\u00c1NDEZ S\u00c1NCHEZ<\/span><\/strong>\u00a0es Licenciado en Antropolog\u00eda Cognitiva, Master en Neurociencia por la <strong>Universidad Aut\u00f3noma de Madrid<\/strong>, Master Internacional en Psicobiolog\u00eda Evolutiva y Neurociencia Cognitiva por la Universidad Aut\u00f3noma de Barcelona y Doctorando en Neurociencia por la Universidad Aut\u00f3noma de Madrid. Profesionalmente se dedica a la consultor\u00eda de Procesos sanitarios para centros hospitalarios. Blog <a href=\"https:\/\/unpulpoenungaraje.wordpress.com\/\">https:\/\/unpulpoenungaraje.wordpress.com\/<\/a> [@mferarig]<\/p><ul><li><a href=\"https:\/\/wpempresa.com\/eurytion\/tenemos-nuestra-mente-preparada-para-entender-el-universo-2\/\"><em><strong>\u00bfTenemos nuestra mente preparada para entender el universo?<\/strong><\/em><\/a>\u00a0(N\u00famero 1, julio 2017)<\/li><\/ul><p style=\"text-align: justify;\"><span style=\"color: #666699;\"><strong>JOS\u00c9 G\u00d3MEZ GAL\u00c1N<\/strong><\/span>\u00a0es en la actualidad\u00a0Catedr\u00e1tico de Teor\u00eda e Historia de la Educaci\u00f3n de la <strong>Universidad de Extremadura\u00a0<\/strong>\u00a0y Research Professor de la <strong>Universidad Metropolitana<\/strong> (SUAGM). \u00a0Ha sido profesor y\/o investigador visitante en diversas universidades internacionales, entre ellas Minnesota, Oxford y La Sapienza de Roma. Posee t\u00edtulos acad\u00e9micos en diferentes \u00e1mbitos cient\u00edficos, pudi\u00e9ndose destacar sus doctorados en Geograf\u00eda e Historia (U. Complutense) y Filosof\u00eda y CC. Educaci\u00f3n (UNED). Es autor de m\u00e1s de 200 publicaciones cient\u00edficas de car\u00e1cter multidisciplinario. Dirige y forma parte de grupos de investigaci\u00f3n de diversos pa\u00edses de Europa y Am\u00e9rica. Cuenta con premios y reconocimientos de m\u00e1ximo prestigio, entre ellos el Premio Nacional de Investigaci\u00f3n Educativa (MEC) y el Premio a la Excelencia Docente (Docentia-UEx).<\/p><ul><li><a href=\"https:\/\/wpempresa.com\/eurytion\/el-tiempo-un-enigma-cientifico-y-filosofico\/\"><em><strong>Y al principio fue&#8230;(tambi\u00e9n) El Tiempo. Un enigma cient\u00edfico y filos\u00f3fico<\/strong><\/em><\/a>\u00a0(N\u00famero 1, julio 2017)<\/li><li><em><strong>Nebulosas. Las esculturas del Cosmos<\/strong><\/em>\u00a0(N\u00famero 2,\u00a0 2017)<\/li><li><a href=\"https:\/\/wpempresa.com\/eurytion\/la-inmortalidad-en-la-religiones\/\"><strong><em>La inmortalidad en las religiones<\/em> <\/strong><\/a>(N\u00famero 3, 2018)<\/li><li><em><strong>Exoplanetas: descubriendo nuevos mundos en el universo<\/strong><\/em>\u00a0(N\u00famero 5, 2019)<\/li><li><a href=\"https:\/\/wpempresa.com\/eurytion\/oil-crush-se-esta-acabando-el-diesel\/\"><em><strong>Oil Crush: \u00bfSe est\u00e1 acabando el di\u00e9sel?<\/strong><\/em><\/a>\u00a0(N\u00famero 5, 2019)<\/li><li><a href=\"https:\/\/wpempresa.com\/eurytion\/cambios-climaticos-en-la-historia-influencia-y-efectos\/\"><em><strong>Cambios clim\u00e1ticos en la historia. Influencia y efectos<\/strong><\/em>\u00a0<\/a>(N\u00famero 5, 2019)<\/li><\/ul><p style=\"text-align: justify;\"><span style=\"color: #666699;\"><strong>OLLE H\u00c4GGSTR\u00d6M<\/strong><\/span> Profesor de estad\u00edstica matem\u00e1tica en la Universidad de Tecnolog\u00eda Chalmers y miembro electo de la Real Academia de Ciencias de Suecia. Sus intereses intelectuales son muy amplios, enfocados a la filosof\u00eda de la ciencia, el clima, la inteligencia artificial y el desarrollo venidero de la humanidad. Adem\u00e1s de contar con m\u00e1s de ochenta publicaciones acad\u00e9micas es un prol\u00edfico escritor de divulgaci\u00f3n cient\u00edfica. Autor del libro Aqu\u00ed hay dragones: Ciencia, tecnolog\u00eda y futuro de la humanidad (original en ingl\u00e9s editado por Oxford University Press y en espa\u00f1ol por Teell Editorial).<\/p><ul><li><em><strong><a href=\"http:\/\/fronterasdelaciencia.com\/?p=669\">&#8211;<\/a><a href=\"https:\/\/wpempresa.com\/eurytion\/informacion-y-desinformacion-en-torno-al-cambio-climatico\/\">\u00bfPodemos fiarnos de los cient\u00edficos que nos alertan sobre el calentamiento global?<\/a><\/strong><\/em>\u00a0(N\u00famero 5, 2019)<\/li><\/ul><p style=\"text-align: justify;\"><span style=\"color: #666699;\"><strong>KEVIN KNIGHT<\/strong><\/span>\u00a0Research Director del Instituto de Ciencias de la Informaci\u00f3n y Profesor del Departamento de Ciencias Inform\u00e1ticas de la <strong>Universidad del Sur de California<\/strong> (Estados Unidos). Sus trabajos cient\u00edficos, de primer nivel, se centran en inteligencia artificial, procesamiento del lenguaje natural, traducci\u00f3n autom\u00e1tica, aprendizaje autom\u00e1tico, teor\u00eda de los aut\u00f3matas y desciframiento de textos.<\/p><ul><li><a href=\"https:\/\/wpempresa.com\/eurytion\/los-secretos-del-manuscrito-copiale-al-descubierto\/\"><em><strong>Los secretos del manuscrito Copiale al descubierto<\/strong><\/em><\/a> (N\u00famero 2, 2017)<\/li><\/ul><p style=\"text-align: justify;\"><span style=\"color: #666699;\"><strong>BENEDEK L\u00c1NG<\/strong><\/span>\u00a0Departamento de Filosof\u00eda e Historia de la Ciencia en la <strong>Universidad de Budapest<\/strong> de Tecnolog\u00eda y Econom\u00eda. Ha publicado <em>Unlocked Books, Manuscripts of Learned Magic in the Medieval Libraries of\u00a0Central Europe<\/em> (Penn State University Press, 2008) y diferentes art\u00edculos en la revista <em>Cryptologia<\/em> (2010 y 2015) y <em>The Sixteenth Century Journal<\/em> (2014). En la actualidad, est\u00e1 preparando la edici\u00f3n\u00a0inglesa de dos libros publicados antes en h\u00fangaro: <em>Ciphers in Early Modern Hungary: Secrecy and the Social History of Cryptography<\/em> y <em>The Rohonc Code<\/em>.<\/p><ul><li><a href=\"https:\/\/wpempresa.com\/eurytion\/el-codex-de-rohonc-un-manuscrito-centenario-que-nadie-puede-leer\/\"><em><strong>El codex de Rohonc. Un manuscrito centenario que nadie puede leer<\/strong><\/em><\/a> (N\u00famero 2, 2017)<\/li><\/ul><p style=\"text-align: justify;\"><span style=\"color: #666699;\"><strong>CRISTINA L\u00c1ZARO P\u00c9REZ<\/strong><\/span>\u00a0es Licenciada en Psicolog\u00eda y\u00a0Doctora en Antropolog\u00eda por la <strong>Universidad de Murcia<\/strong>.\u00a0Psico-onc\u00f3loga, Experta en Cuidados Paliativos,\u00a0Especialista en P\u00e9rdidas y Duelo e investigadora\u00a0especializada en Experiencias Cercanas a la Muerte,\u00a0el a\u00f1o 2016 defendi\u00f3 en la Universidad de Murcia\u00a0la primera tesis doctoral dedicada \u00edntegramente en\u00a0Espa\u00f1a a dichas experiencias.<\/p><ul><li><a href=\"https:\/\/wpempresa.com\/eurytion\/el-fenomeno-de-las-experiencias-cercanas-a-la-muerte-ecm\/\"><em><strong>El fen\u00f3meno de las Experiencias Cercanas a la Muerte (ECM)<\/strong><\/em>\u00a0<\/a>(N\u00famero 3, 2018)<\/li><\/ul><p style=\"text-align: justify;\"><span style=\"color: #666699;\"><strong>STEPHAN LEWANDOWSKY<\/strong><\/span> Profesor de Psicolog\u00eda Cognitiva en la Escuela de Psicolog\u00eda Experimental de la <strong>Universidad de Bristol<\/strong> e investigador en el CSIRO Oceans and Atmosphere de Hobart, Australia.<\/p><ul><li><a href=\"https:\/\/wpempresa.com\/eurytion\/informacion-y-desinformacion-en-torno-al-cambio-climatico\/\"><em><strong>\u00bfEs posible un consenso sobre el cambio clim\u00e1tico?<\/strong><\/em><\/a>\u00a0(N\u00famero 5, 2019)<\/li><\/ul><p style=\"text-align: justify;\"><span style=\"color: #666699;\"><strong>SANDER VAN DER LINDEN<\/strong><\/span> Assistant Professor de Psicolog\u00eda Social en la <strong>Universidad de Cambridge<\/strong>, donde dirige un laboratorio para el estudio de toma de decisiones sociales.<\/p><ul><li><a href=\"https:\/\/wpempresa.com\/eurytion\/informacion-y-desinformacion-en-torno-al-cambio-climatico\/\"><em><strong>\u00bfEs posible un consenso sobre el cambio clim\u00e1tico?<\/strong><\/em>\u00a0<\/a>(N\u00famero 5, 2019)<\/li><\/ul><p style=\"text-align: justify;\"><span style=\"color: #666699;\"><strong>FRANCISCO LLED\u00d3 YAG\u00dcE<\/strong><\/span>\u00a0\u00a0es Catedr\u00e1tico de Derecho Civil\u00a0y Presidente del Despacho Iure Licet Abogados. Fue\u00a0Decano de la Facultad de Derecho de la <strong>Universidad de\u00a0Deusto<\/strong> y miembro del Comit\u00e9 de Expertos constituido\u00a0en el Congreso de los Diputados para la redacci\u00f3n de\u00a0la Ley de Reproducci\u00f3n Humana Asistida. Autor de\u00a0innumerables art\u00edculos, monograf\u00edas y director de\u00a0obras colectivas. Es Consejero de la Editorial Dykinson,\u00a0Acad\u00e9mico correspondiente de la Real Academia.\u00a0Pr\u00f3ximamente en la Editorial Dykinson, publicar\u00e1 la\u00a0primera obra en el panorama jur\u00eddico espa\u00f1ol sobre la\u00a0Criogenizaci\u00f3n y el Derecho.<\/p><ul><li><em><strong><a href=\"https:\/\/wpempresa.com\/eurytion\/criogenizacion-el-derecho-a-la-vida-despues-de-la-muerte-fantasia-o-realidad\/\">Criogenizaci\u00f3n. El derecho a la vida despu\u00e9s de la muerte.<\/a><\/strong><\/em> (N\u00famero 3, 2018)<\/li><\/ul><p style=\"text-align: justify;\"><span style=\"color: #666699;\"><strong>EDWARD MAIBACH<\/strong><\/span> Director del Center for Climate Change Communication de la <strong>Universidad George Mason<\/strong>. Tiene m\u00e1s de ochenta aportaciones cient\u00edficas sobre salud p\u00fablica y comunicaci\u00f3n del cambio clim\u00e1tico.<\/p><ul><li><a href=\"https:\/\/wpempresa.com\/eurytion\/informacion-y-desinformacion-en-torno-al-cambio-climatico\/\"><em><strong>\u00bfEs posible un consenso sobre el cambio clim\u00e1tico?<\/strong><\/em><\/a>\u00a0(N\u00famero 5, 2019)<\/li><\/ul><p style=\"text-align: justify;\"><span style=\"color: #666699;\"><strong>LUIS F\u00c9LIX MAR\u00cdN RECIO<\/strong><\/span> Consultor en Sistemas de Gesti\u00f3n de Seguridad y Calidad en Infraestructuras del Transporte en la empresa p\u00fablica de ingenier\u00eda \u201cIneco\u201d. Titulado en Gesti\u00f3n Aeron\u00e1utica por la <strong>Universidad Aut\u00f3noma de Madrid<\/strong>.<\/p><ul><li><a href=\"https:\/\/wpempresa.com\/eurytion\/oil-crush-se-esta-acabando-el-diesel\/\"><em><strong>Oil Crush: \u00bfSe est\u00e1 acabando el di\u00e9sel?<\/strong><\/em>\u00a0<\/a>(N\u00famero 5, 2019)<\/li><\/ul><p style=\"text-align: justify;\"><span style=\"color: #666699;\"><strong>ADOLFO MARROQU\u00cdN SANTO\u00d1A<\/strong><\/span> Es Licenciado en Ciencias (Geof\u00edsica) por la <strong>Universidad Complutense de Madrid<\/strong> e Ingeniero t\u00e9cnico industrial y Doctor en Ciencias F\u00edsicas por la <strong>Universidad de Extremadura<\/strong>, con estudios de agro-meteorolog\u00eda en Estados Unidos e Israel. Ha sido Director del Centro Meteorol\u00f3gico de Badajoz, Delegado Territorial de la Agencia Estatal de Meteorolog\u00eda (Aemet) en Extremadura y vinculado a la UEx para desempe\u00f1ar tareas docentes y de investigaci\u00f3n. Desde 1989 form\u00f3 parte del grupo de cient\u00edficos espa\u00f1oles expedicionario a la Ant\u00e1rtida, permaneciendo en el continente helado durante los veranos australes de 1989, 1990 y 1991 donde ejecut\u00f3 diversas investigaciones en el marco del Programa Ant\u00e1rtico Espa\u00f1ol.<\/p><ul><li><a href=\"https:\/\/wpempresa.com\/eurytion\/la-energia-ante-el-clima-que-viene\/\"><strong><em>La energ\u00eda ante el clima que viene<\/em><\/strong> <\/a>(N\u00famero 5, 2019)<\/li><\/ul><p style=\"text-align: justify;\"><span style=\"color: #666699;\"><strong>ELOY L\u00d3PEZ MENESES<\/strong><\/span>\u00a0es Profesor Titular de Universidad en el Departamento de Educaci\u00f3n y Psicolog\u00eda\u00a0Social de la <strong>Universidad Pablo de Olavide<\/strong> (Sevilla, Espa\u00f1a). Especializado en MOOC, TIC y Dise\u00f1o\u00a0did\u00e1ctico MEM. Doctor en Ciencias de la Educaci\u00f3n y Premio Extraordinario de Tesis Doctoral por la\u00a0Universidad de Sevilla, Segundo Premio Nacional en los Estudios de Ciencias de la Educaci\u00f3n. Director\u00a0del Grupo de Investigaci\u00f3n EduInnovagog\u00eda (HUM-971) y editor de International Journal of\u00a0Educational Research and Innovation. Entre sus libros destacan Evaluaci\u00f3n de materiales multimedia\u00a0en red en el Espacio Europeo de Educaci\u00f3n Superior (2009), Barcelona: DaVinci; La expansi\u00f3n del conocimiento\u00a0en abierto: los Mooc, (2013) Barcelona: Editorial Octaedro y El futuro de los MOOC, (2015)\u00a0Madrid: Editorial S\u00edntesis<\/p><ul><li><a href=\"https:\/\/wpempresa.com\/eurytion\/el-fenomeno-y-el-futuro-de-la-universidad-mooc\/\"><em><strong>El fen\u00f3meno MOOC y el futuro de la universidad<\/strong><\/em>\u00a0<\/a>(N\u00famero 1, 2017)<\/li><\/ul><p style=\"text-align: justify;\"><span style=\"color: #666699;\"><strong>BE\u00c1TA MEGYESI<\/strong><\/span>\u00a0Directora del Departamento de Ling\u00fc\u00edstica y Filolog\u00eda y Senior Lecturer de Ling\u00fc\u00edstica Computacional en la <strong>Universidad de Uppsala<\/strong> (Suecia). Su principal \u00e1rea de investigaci\u00f3n es el procesamiento del lenguaje natural, y es especialista en criptolog\u00eda hist\u00f3rica. Desarrolla m\u00faltiples\u00a0investigaciones en humanidades digitales, espec\u00edficamente en el an\u00e1lisis de textos hist\u00f3ricos y modernos con el fin de desarrollar estudios cuantitativos para humanidades y ciencias sociales.<\/p><ul><li><a href=\"https:\/\/wpempresa.com\/eurytion\/los-secretos-del-manuscrito-copiale-al-descubierto\/\"><em><strong>Los secretos del manuscrito Copiale al descubierto<\/strong><\/em><\/a> (N\u00famero 2, 2017)<\/li><\/ul><p style=\"text-align: justify;\"><span style=\"color: #666699;\"><strong>LIONEL MART\u00cdNEZ REYES<\/strong><\/span>\u00a0Psic\u00f3logo cl\u00ednico egresado de la Universidad de Puerto Rico. Ha sido profesor de Psicolog\u00eda en diferentes \u00e1mbitos universitarios del pa\u00eds y en la actualidad ejerce como profesor conferenciante en\u00a0la <strong>Universidad del Turabo<\/strong> (SUAGM, Puerto Rico-Estados Unidos). Es colaborador en las l\u00edneas de investigaci\u00f3n de la Dra. \u00darsula Aragunde-Kohl y su trabajo en relaci\u00f3n con los animales de compa\u00f1\u00eda. Es miembro del club de guardianes de mascotas, promoviendo la educaci\u00f3n compasiva en dichos grupos. De igual modo, lleva a cabo en la pr\u00e1ctica diferentes acciones encaminadas al bien social, entre ellas la recogida de alimentos y materiales que son donados a organizaciones y rescatistas independientes que velan por los animales sin hogar..<\/p><ul><li><em><strong>FUNDACI\u00d3N PR ANIMALS. Educaci\u00f3n compasiva y acciones solidarias con animales en Puerto Rico <\/strong><\/em>(N\u00famero 2, 2017)<\/li><\/ul><p style=\"text-align: justify;\"><span style=\"color: #666699;\"><strong>JOSEFA MASEGOSA GALLEGO,<\/strong><\/span> <strong id=\"yui_3_16_0_ym19_1_1500107006849_6131\"><span id=\"yui_3_16_0_ym19_1_1500107006849_6130\">Instituto de Astrof\u00edsica de Andaluc\u00eda (CSIC)<\/span><\/strong>\u00a0Comisi\u00f3n Mujer y Astronom\u00eda\u00a0| SEA \u2013 Sociedad Espa\u00f1ola de Astronom\u00eda\u00a0<a id=\"yui_3_16_0_ym19_1_1500107006849_6357\" href=\"http:\/\/www.sea-astronomia.es\/\" target=\"_blank\" rel=\"nofollow noopener\">http:\/\/www.sea-astronomia.es\/<\/a>\u00a0Es m\u00e1ster en Ciencias, con especialidad en Astronom\u00eda, por la Universidad de Sussex (Reino Unido) y doctora en Ciencias F\u00edsicas por la Universidad de Granada. Investigadora Principal de seis proyectos de investigaci\u00f3n nacionales y dos proyectos internacionales. Autora de m\u00e1s de 100 art\u00edculos, ha participado en m\u00e1s de 50 congresos internacionales con un total de 70 contribuciones. En el campo de Mujeres y Ciencia, ha publicado una decena de art\u00edculos sobre la visibilizaci\u00f3n de astr\u00f3nomas hist\u00f3ricas y actuales.<\/p><ul><li><em><strong>Los &#8220;hombrecillos verdes&#8221; de Jocelyn Bell Burnell\u00a0<\/strong><\/em>(N\u00famero 1, 2017)<\/li><\/ul><p style=\"text-align: justify;\"><span style=\"color: #666699;\"><strong>JOS\u00c9 MIGUEL MULET<\/strong><\/span>, Licenciado en Qu\u00edmica y Doctor en Bioqu\u00edmica y Biolog\u00eda Molecular por la Universidad de Valencia es Profesor de Biotecnolog\u00eda en la <strong>Universidad Polit\u00e9cnica de Valencia<\/strong> y dirige una l\u00ednea de investigaci\u00f3n en el Instituto de Biolog\u00eda Molecular y Celular de Plantas (CSIC-UPV) desarrollando plantas tolerantes a la sequ\u00eda o al fr\u00edo. Ha ganado varios premios como cient\u00edfico o docente universitario. Autor de numerosas publicaciones acad\u00e9micas, ha escrito los libros Comer sin miedo y Transg\u00e9nicos sin miedo, y tiene la secci\u00f3n \u201cCiencia sin ficci\u00f3n\u201d en El Pa\u00eds Semanal y el blog Tomates con genes (<a href=\"http:\/\/jmmulet.naukas.com\">http:\/\/jmmulet.naukas.com<\/a>) [Twitter: @jmmulet].<\/p><ul><li><a href=\"https:\/\/wpempresa.com\/eurytion\/la-alimentacion-que-viene-mas-mejor-pero-diferente\/\"><em><strong>La alimentaci\u00f3n que viene. M\u00e1s, mejor, pero diferente<\/strong><\/em>\u00a0<\/a>(N\u00famero 1, 2017)<\/li><li><em><strong><a href=\"https:\/\/wpempresa.com\/eurytion\/la-alimentacion-que-viene-mas-mejor-pero-diferente\/\">\u00bfSuperalimentos? Quino, antioxidantes, bayas de goji, espirulina y algas<\/a><\/strong><\/em> (N\u00famero 3, 2018)<\/li><\/ul><p style=\"text-align: justify;\"><span style=\"color: #666699;\"><strong>FLORIN POPESCU<\/strong><\/span>\u00a0\u00a0pertenece al Departamento de Telecomunicaciones\u00a0de la <strong>Universidad Polit\u00e9cnica de Bucarest<\/strong>.\u00a0Actualmente trabaja para el Ministro de Defensa\u00a0de su pa\u00eds en las \u00e1reas de sistemas de comunicaci\u00f3n\u00a0y de informaci\u00f3n, vigilancia, reconocimiento, espacio,\u00a0y defensa cibern\u00e9tica. Ha desarrollado proyectos de\u00a0investigaci\u00f3n en diferentes \u00e1reas que desembocaron\u00a0en ponencias y art\u00edculos publicados en revistas internacionales.<\/p><ul><li><a href=\"https:\/\/wpempresa.com\/eurytion\/resulta-posible-una-inmortalidad-digital\/\"><em><strong>\u00bfResulta posible una inmortalidad digital?<\/strong><\/em><\/a> (N\u00famero 3, 2018)<\/li><\/ul><p style=\"text-align: justify;\"><span style=\"color: #666699;\"><strong>DANIEL ORIENT<\/strong><\/span>\u00a0Es ingeniero aeroespacial por la <strong>Universitat Polit\u00e8cnica de Val\u00e8ncia<\/strong> y cofundador del equipo Hyperloop UPV [http:\/\/hyperloopupv.com]. En la actualidad es cofundador y CTO en <strong>Zeleros<\/strong>, empresa dedicada al dise\u00f1o y desarrollo de nuevas tecnolog\u00edas para el transporte sostenible y eficiente.<\/p><ul><li><em><strong><a href=\"https:\/\/wpempresa.com\/eurytion\/hyperloop-el-tren-ultrarrapido-y-volador\/\">Hyperloop. El tren ultrarr\u00e1pido y volador<\/a><\/strong><\/em> (N\u00famero 2, 2017)<\/li><\/ul><p style=\"text-align: justify;\"><span style=\"color: #666699;\"><b>MIGUEL PEL\u00c1EZ FERN\u00c1NDEZ<\/b><\/span> Instructor de Clubes de Ciencia, Data Scientist para diferentes empresas\u00a0y Doctor en F\u00edsica por la <strong>Universidad de Granada<\/strong>, ha sido investigador\u00a0postdoctoral en el Georgia Institute of Technology (Atlanta, GA).<\/p><ul><li><em><strong>Clubes de Ciencia. Un camino alternativo a la excelencia<\/strong> <\/em>(N\u00famero 3, 2018)<\/li><\/ul><p style=\"text-align: justify;\"><span style=\"color: #666699;\"><b>ALEXANDRA PEREZ<\/b><\/span> es ge\u00f3loga estadounidense de origen\u00a0puertorrique\u00f1o y perteneciente a la <strong>Arizona State\u00a0University<\/strong>. Especialista en formaci\u00f3n de c\u00f3ndrulos,\u00a0esferas milim\u00e9tricas de origen meteor\u00edtico compuestas\u00a0por distintos minerales, realiza su trabajo con Steven\u00a0Desch, Devin Schrader y Christy Till, en la School\u00a0of Earth and Space Exploration de la ASU. Sus\u00a0intereses en investigaci\u00f3n combinan el estudio de la\u00a0astrof\u00edsica, los meteoritos y la petrolog\u00eda experimental,\u00a0abarcando algunos campos tan innovadores como\u00a0el criovulcanismo. Es miembro de la The Meteoritical\u00a0Society, American Meteor Society y la Texas Tech Geo\u00a0Science Society. Ha superado enormes desaf\u00edos en\u00a0su vida, como la supervivencia a un tumor cerebral,\u00a0para lo que contribuye decididamente en acciones de<br \/>concienciaci\u00f3n y b\u00fasqueda de una cura.<\/p><ul><li><a href=\"https:\/\/wpempresa.com\/eurytion\/que-acabo-con-los-dinosaurios-un-meteorito-no-fue-suficiente\/\"><strong>\u00bfQu\u00e9 acab\u00f3 con los dinosaurios? Un meteorito no fue suficiente<\/strong><\/a> (N\u00famero 3, 2018)<\/li><\/ul><p style=\"text-align: justify;\"><span style=\"color: #666699;\"><strong>ANTONIO PI\u00d1ERO<\/strong><\/span>, Catedr\u00e1tico Em\u00e9rito de Filolog\u00eda griega de la <strong>Universidad Complutense de Madrid<\/strong>, especializado en Lengua y Literatura del Cristianismo Primitivo, es uno de los m\u00e1s reputados especialistas internacionales en la figura del Jes\u00fas hist\u00f3rico, Nuevo Testamento, Ap\u00f3crifos cristianos y jud\u00edos o la figura de Pablo de Tarso. Traductor y autor de m\u00e1s de 40 libros, ensayos e innumerables art\u00edculos acad\u00e9micos, encarna al profesor que combina a la perfecci\u00f3n la investigaci\u00f3n m\u00e1s erudita con la divulgaci\u00f3n para todos los p\u00fablicos desde los medios de comunicaci\u00f3n en los que participa asiduamente.<\/p><ul><li><a href=\"https:\/\/wpempresa.com\/eurytion\/jesus-de-nazaret-un-enigma-historico\/\"><em><strong>Jes\u00fas de Nazaret \u00bfUn enigma hist\u00f3rico?<\/strong><\/em>\u00a0<\/a>(N\u00famero 1, 2017)<\/li><\/ul><p style=\"text-align: justify;\"><span style=\"color: #666699;\"><strong>ORIOL REULL<\/strong><\/span> Licenciado en ADE y Derecho, cuenta con un M\u00e1ster en Gesti\u00f3n Financiera. Experto en el uso y aplicaci\u00f3n de las nuevas tecnolog\u00edas para fines sociales, se encuentra actualmente inmerso e implicado en la lucha contra uno de los problemas sociales m\u00e1s complejos que forman parte de la agenda global: \u00bfc\u00f3mo alimentaremos a la poblaci\u00f3n creciente en 2050? Cuenta con un amplia trayectoria en el sector Food &amp; Beverage y el uso de la tecnolog\u00eda en este sector, como Data &amp; Analytics, Internet of Things, Big Data y su aplicaci\u00f3n m\u00e1s pr\u00e1ctica a la empresa. Ha trabajado para grandes firmas como KPMG en Espa\u00f1a y Brasil asesorando a startups y multinacionales, y en Austria donde ha estado desarrollando tecnolog\u00eda disruptiva para modernizar el tradicional sector de la agricultura. En la actualidad dirige <strong>Too Good To Go<\/strong> en Espa\u00f1a un movimiento materializado en app m\u00f3vil que lucha contra el desperdicio de alimentos en Europa.<\/p><ul><li><em><strong>Luchar contra el desperdicio de alimentos para salvar el medio ambiente: Too Good To G<\/strong><\/em>\u00a0(N\u00famero 5, 2019)<\/li><\/ul><p style=\"text-align: justify;\"><strong><span style=\"color: #666699;\">EDGARD G. RIVERA-VALENT\u00cdN<\/span><\/strong>, Doctor en Ciencias del Espacio y Planetarias por la Universidad de\u00a0Arkansas e Investigador en el <em>Planetary Radar Group<\/em> del\u00a0<strong id=\"yui_3_16_0_ym19_1_1500107006849_6128\"><span id=\"yui_3_16_0_ym19_1_1500107006849_6127\">Observatorio de Arecibo<\/span><\/strong><strong id=\"yui_3_16_0_ym19_1_1500107006849_6288\"><span id=\"yui_3_16_0_ym19_1_1500107006849_6287\">\u00a0(Puerto Rico)<\/span><\/strong>. Durante sus estudios de doctorado asisti\u00f3 a la NASA\/JPL&#8217;<em>s Planetary Science Summer School<\/em> y fue investigador asociado en el <em>Lunar and Planetary Institute<\/em>. Fue durante dos a\u00f1os <em>Postdoctoral Research Associate<\/em> en la <em>Brown University<\/em>. Es especialista en los or\u00edgenes del sistema solar, superficies planetarias y astrobiolog\u00eda.<\/p><ul><li><em><strong>Cinco preguntas clave sobre el universo<\/strong><\/em>\u00a0(N\u00famero 1, 2017)<\/li><\/ul><p style=\"text-align: justify;\"><span style=\"color: #666699;\"><strong>FRANCISCO ROM\u00c1N VILLATORO<\/strong><\/span>, Profesor Titular del Dpto. de Lenguajes y Ciencias de la\u00a0Computaci\u00f3n en la\u00a0<strong>Universidad de M\u00e1laga<\/strong><strong>.<\/strong><b><\/b><span id=\"yui_3_16_0_ym19_1_1500107006849_6123\">Es m\u00e1ster en Inform\u00e1tica, m\u00e1ster en Ciencias F\u00edsicas y doctor en Matem\u00e1ticas. Tiene publicados m\u00e1s de 50 art\u00edculos en revistas del JCR y adem\u00e1s de su trayectoria acad\u00e9mica, destaca por su labor de divulgaci\u00f3n cient\u00edfica en diferentes medios de comunicaci\u00f3n y \u00a0su blog:\u00a0<\/span><a id=\"yui_3_16_0_ym19_1_1500107006849_6154\" href=\"http:\/\/francis.naukas.com\/\" target=\"_blank\" rel=\"nofollow noopener\">http:\/\/francis.naukas.com<\/a><\/p><ul><li><em><strong>Cinco preguntas clave sobre el universo<\/strong><\/em>\u00a0(N\u00famero 1, 2017)<\/li><\/ul><p style=\"text-align: justify;\"><span style=\"color: #666699;\"><strong>LAURA L. RUIZ<\/strong><\/span> Licenciada en Periodismo por la Universidad Rey Juan Carlos, M\u00e1ster en Comunicaci\u00f3n y Arte por la Universidad Complutense de Madrid, con m\u00e1s de diez a\u00f1os de experiencia. Ha trabajado en prensa escrita, digital y radio y actualmente colabora como periodista freelance en medios como P\u00fablico.es, ElDiario.es, El Asombrario, El Salto o RNE. Activista por los derechos humanos, animales y el feminismo transversal.<\/p><ul><li><a href=\"https:\/\/wpempresa.com\/eurytion\/habitos-alimenticios-y-calentamiento-global-cuanto-le-cuesta-realmente-tu-hamburguesa-al-planeta\/\"><em><strong>H\u00e1bitos alimenticios y calentamiento global \u00bfcu\u00e1nto le cuesta (realmente) tu hamburguesa al planeta?<\/strong><\/em><\/a>\u00a0(N\u00famero 5, 2019)<\/li><\/ul><p style=\"text-align: justify;\"><span style=\"color: #666699;\"><strong>MIGUEL \u00c1NGEL RUIZ CRUZ<\/strong><\/span> Es Ingeniero de Telecomunicaciones por la <strong>Universidad San Antonio de Murcia<\/strong> y Jefe de Explotaci\u00f3n T\u00e9cnica de Navegaci\u00f3n A\u00e9rea en el Aeropuerto de Santander. Actualmente, cursa el M\u00e1ster de Sociolog\u00eda de la <strong>UNED<\/strong> y posee una amplia experiencia como divulgador en medios de comunicaci\u00f3n y analista de la sociolog\u00eda de las creencias en conspiraciones.<\/p><ul><li><a href=\"https:\/\/wpempresa.com\/eurytion\/clima-trafico-aereo-y-post-verdad-nos-estan-fumigando-el-mito-moderno-me-los-chemtrails\/\"><em><strong>Clima, Tr\u00e1fico A\u00e9reo y Post-Verdad. \u00bfNos est\u00e1n fumigando? El mito moderno me los chemtrails<\/strong><\/em>\u00a0<\/a>(N\u00famero 5, 2019)<\/li><\/ul><p style=\"text-align: justify;\"><span style=\"color: #666699;\"><b>JUAN JOS\u00c9 S\u00c1NCHEZ-ORO ROSA<\/b><\/span>\u00a0 es Licenciado en Geograf\u00eda\u00a0e Historia y M\u00e1ster en Ciencias de las Religiones\u00a0por la <strong>Universidad Complutense de Madrid<\/strong>, Microsoft\u00a0Certified Trainer en lenguajes de programaci\u00f3n web\u00a0y bases de datos, as\u00ed como redactor jefe de <em>Fronteras\u00a0de la Ciencia<\/em>. Es autor de varios libros y numerosos\u00a0art\u00edculos acad\u00e9micos de investigaci\u00f3n dedicados al\u00a0estudio de las creencias sobrenaturales y pr\u00e1cticas\u00a0religiosas a lo largo de la historia.<\/p><ul><li><a href=\"https:\/\/wpempresa.com\/eurytion\/muerte-y-mas-alla-2-0-formas-de-presencia-postuma-en-internet\/\"><em><strong>Muerte y M\u00e1s All\u00e1 2.0. Formas de presencia p\u00f3stuma en internet.<\/strong><\/em><\/a> (N\u00famero 3,\u00a0 2018)<\/li><li><a href=\"https:\/\/wpempresa.com\/eurytion\/el-arca-de-la-alianza-en-etiopia-una-historia-de-poder\/\"><em><strong>El Arca de la Alianza en Etiop\u00eda. Una historia de poder<\/strong><\/em><\/a> (N\u00famero 5, 2019)<\/li><\/ul><p style=\"text-align: justify;\"><span style=\"color: #666699;\"><strong>CEZAR SCARLAT<\/strong><\/span>\u00a0 Cezar Scarlat es catedr\u00e1tico y director de la Escuela de\u00a0Doctorado de la Facultad de Empresa e Ingenier\u00eda de la\u00a0de la <strong>Universidad Polit\u00e9cnica de Bucarest<\/strong>. Es ingeniero\u00a0experto en tecnolog\u00edas de las telecomunicaciones.\u00a0Coordinador de proyectos cient\u00edficos de su universidad,\u00a0tiene una amplia experiencia investigadora y\u00a0acad\u00e9mica, refrendada por multitud de publicaciones\u00a0cient\u00edficas. Ha realizado diferentes labores de asesor\u00eda\u00a0profesional en distintas instituciones internacionales.<\/p><ul><li><a href=\"https:\/\/wpempresa.com\/eurytion\/resulta-posible-una-inmortalidad-digital\/\"><em><strong>\u00bfResulta posible una inmortalidad digital?<\/strong><\/em> <\/a>(N\u00famero 3, 2018)<\/li><\/ul><p style=\"text-align: justify;\"><span style=\"color: #666699;\"><strong>ANTONIO SERRANO P\u00c9REZ<\/strong><\/span> M\u00e1ster en Meteorolog\u00eda Te\u00f3rica y Aplicada por la <strong>Universidad Complutense de Madrid<\/strong>, y Doctor en F\u00edsica por la <strong>Universidad de Extremadura<\/strong>. Posee m\u00e1s de 20 a\u00f1os de experiencia como profesor universitario en diferentes puestos, siendo actualmente Profesor Titular en el Departamento de F\u00edsica de la Facultad de Ciencias de la Universidad de Extremadura. Ha trabajado en varias l\u00edneas de investigaci\u00f3n, destacando la climatolog\u00eda de la precipitaci\u00f3n, meteorolog\u00eda ant\u00e1rtica y radiaci\u00f3n solar en la atm\u00f3sfera, l\u00ednea que actualmente dirige. Ha completado su formaci\u00f3n acad\u00e9mica con varias estancias de investigaci\u00f3n, destacando sus viajes a Italia y Australia, y su participaci\u00f3n en varias campa\u00f1as cient\u00edficas en la Ant\u00e1rtida. Adem\u00e1s ha colaborado activamente en dos Acciones Europeas COST centradas en la medida de la radiaci\u00f3n solar ultravioleta a nivel del suelo.<\/p><ul><li><a href=\"https:\/\/wpempresa.com\/eurytion\/que-es-el-cambio-climatico\/\"><em><strong>\u00bfQu\u00e9 es el cambio clim\u00e1tico?<\/strong><\/em><\/a> (N\u00famero 5, 2019)<\/li><\/ul><p style=\"text-align: justify;\"><span style=\"color: #666699;\"><strong>CARL-AXEL P. SODERBERG<\/strong><\/span> Ingeniero graduado del Georgia Insitute of Technology con 48 a\u00f1os de experiencia en el campo de protecci\u00f3n ambiental. Dirigi\u00f3 durante veinte a\u00f1os la Divisi\u00f3n del Caribe de la Agencia de Protecci\u00f3n Ambiental de los Estados Unidos y durante ocho a\u00f1os el Programa de Control de la Contaminaci\u00f3n de las Aguas de la Junta de Calidad Ambiental de Puerto Rico donde estableci\u00f3 e implant\u00f3 el Programa de Pretratamiento Industrial de la Autoridad de Acueductos y Alcantarillados. Del 2000 al 2002 fue presidente de la Asociaci\u00f3n Interamericana de Ingenier\u00eda Sanitaria y Ambiental. En la actualidad es miembro del Comit\u00e9 Asesor del Instituto de Agua y Salud de la <strong>Universidad Metropolitana (UMET, SUAGM) de Puerto Rico<\/strong> y miembro de la Junta de Directores del Programa del Estuario de la Bah\u00eda de San Juan.<\/p><ul><li><a href=\"https:\/\/wpempresa.com\/eurytion\/efectos-de-un-superhuracan-impacto-del-huracan-maria-sobre-puerto-rico\/\"><em><strong>Efectos de un superhurac\u00e1n. Impacto del hurac\u00e1n Mar\u00eda sobre Puerto Rico<\/strong><\/em><\/a>\u00a0(N\u00famero 5, 2019)<\/li><\/ul><p style=\"text-align: justify;\"><span style=\"color: #666699;\"><strong>CHRISTIANE SCHAEFER<\/strong><\/span>\u00a0Senior Lecturer de Estudios Indo-Europeos Comparativos en el Departamento de Ling\u00fc\u00edstica y Filolog\u00eda en la <strong>Universidad de Uppsala<\/strong> (Suecia). Lleva a cabo trabajos de investigaci\u00f3n en el \u00e1mbito de la ling\u00fc\u00edstica computacional, en especial en el desciframiento de textos en la Edad Moderna. Destaca precisamente por sus aportaciones en la traducci\u00f3n del c\u00f3digo Copiale y su importancia en el \u00e1mbito de la historia de las ideas.<\/p><ul><li><a href=\"https:\/\/wpempresa.com\/eurytion\/los-secretos-del-manuscrito-copiale-al-descubierto\/\"><em><strong>Los secretos del manuscrito Copiale al descubierto<\/strong><\/em><\/a> (N\u00famero 2, 2017)<\/li><\/ul><p style=\"text-align: justify;\"><span style=\"color: #666699;\"><strong>HECTOR SOCAS NAVARRO<\/strong><\/span>\u00a0es F\u00edsico Solar e Investigador Titular del <strong>Instituto de Astrof\u00edsica de Canarias<\/strong> (IAC). Compagina una reconocida trayectoria internacional en el campo de la investigaci\u00f3n y publicaci\u00f3n de decenas de art\u00edculos acad\u00e9micos con la divulgaci\u00f3n cient\u00edfica a trav\u00e9s de diferentes medios de comunicaci\u00f3n. En la actualidad, coordina y presenta la tertulia radiof\u00f3nica semanal sobre ciencia \u201cCoffe Break: Se\u00f1al y Ruido\u201d <a href=\"http:\/\/se\u00f1alyruido.com\/\">[http:\/\/se\u00f1alyruido.com\/<\/a>], realizada desde el IAC.<\/p><ul><li><a href=\"https:\/\/wpempresa.com\/eurytion\/cosmologia-los-origenes-inesperados-del-universo-2\/\"><em><strong>Cosmolog\u00eda: Los or\u00edgenes inesperados. Las nuevas teor\u00edas<\/strong><\/em><\/a> (N\u00famero 1, 2017)<\/li><li><em><strong>Cinco preguntas clave sobre el universo<\/strong><\/em> (N\u00famero 1, 2017)<\/li><li><a href=\"https:\/\/wpempresa.com\/eurytion\/la-estrella-kic-8462852-una-incognita-para-los-astronomos\/\"><em><strong>La estrella KIC 8462852. Una inc\u00f3gnita para los astr\u00f3nomos<\/strong><\/em> <\/a>(N\u00famero 2, 2017)<\/li><li><a href=\"https:\/\/wpempresa.com\/eurytion\/el-cinturon-de-clarke-y-la-busqueda-de-civilizaciones-extraterrestres\/\"><em><strong>El cintur\u00f3n de Clarke y la b\u00fasqueda de civilizaciones extraterrestres<\/strong><\/em><\/a> (N\u00famero 3, 2018)<\/li><\/ul><p style=\"text-align: justify;\"><span style=\"color: #666699;\"><strong>SANTIAGO VELASCO SOL<\/strong><\/span>\u00a0Experto en t\u00e9cnicas extraling\u00fc\u00edsticas aplicadas a distintos campos interdisciplinarios, entre ellos traducci\u00f3n e interpretaci\u00f3n triling\u00fce chino-ingl\u00e9s-espa\u00f1ol. Profesor e investigador durante doce a\u00f1os en China, destaca su labor profesional en la <strong>Universidad Pedag\u00f3gica de Nanjing<\/strong>. En Espa\u00f1a ha trabajado para prestigiosas instituciones como el Instituto Cervantes. Posee t\u00edtulos acad\u00e9micos, en los \u00e1mbitos de la ling\u00fc\u00edstica y la filolog\u00eda, en universidades espa\u00f1olas, norteamericanas y chinas. Ha completado para la editorial Routledge la<em> Encyclopaedia of Writing Systems<\/em> que ver\u00e1 la luz en 2018. Por primera vez se ofrecer\u00e1 en una \u00fanica obra la clasificaci\u00f3n y descripci\u00f3n completa de todos los sistemas de escritura de la historia.<\/p><ul><li><a href=\"https:\/\/wpempresa.com\/eurytion\/la-genesis-del-lenguaje-y-las-lenguas\/\"><em><strong>La g\u00e9nesis del lenguaje y las lenguas<\/strong><\/em><\/a> (N\u00famero 2, 2017)<\/li><\/ul><p style=\"text-align: justify;\"><span style=\"color: #666699;\"><strong>M. PILAR VINARDELL MART\u00cdNEZ-HIDALGO,\u00a0<\/strong><\/span>Catedr\u00e1tica de Fisiolog\u00eda, Departamento de Bioqu\u00edmica y Fisiolog\u00eda, Facultad de Farmacia y Ciencias de la Alimentaci\u00f3n,\u00a0<b id=\"yui_3_16_0_ym19_1_1500107006849_6294\">Universitat de Barcelona<\/b>. Es la responsable de la unidad asociada al CSIC \u201cInteracci\u00f3n de Tensioactivos con las Membranas Celulares\u201d. En relaci\u00f3n con los m\u00e9todos alternativos a la experimentaci\u00f3n animal es la representante en Espa\u00f1a de EURCA (European Research Centre for Alternatives in Higher Education) y forma parte del GTEMA (Grupo de Trabajo Especializado en M\u00e9todos Alternativos) y de la REMA (Red Espa\u00f1ola de M\u00e9todos Alternativos).<\/p><ul><li><em><strong>Por una ciencia m\u00e1s humanitaria. M\u00e9todos alternativos a la experimentaci\u00f3n con animales en cosm\u00e9ticos<\/strong><\/em> (N\u00famero 1, 2017)<\/li><\/ul><p style=\"text-align: justify;\"><span style=\"color: #666699;\"><strong>FRANCISCO A. VIOLAT BORDONAU<\/strong><\/span> Es astr\u00f3nomo y astrof\u00edsico. Ha trabajado en el Observatorio Astron\u00f3mico de La Sagra (Granada), en el Observatorio Astron\u00f3mico de Forcarei (Pontevedra) y en el Planetario de Trujillo (C\u00e1ceres). Autor de numerosos trabajos astron\u00f3micos sobre c\u00famulos estelares, fotometr\u00eda multibanda y espectroscop\u00eda estelar, tambi\u00e9n ejerce como cript\u00f3grafo perteneciente a la \u201cComunidad Voynich\u201d. Dentro de ella ha presentado varios trabajos para el an\u00e1lisis ling\u00fc\u00edstico del voynich\u00e9s, sobre qui\u00e9n pudo ser el redactor del c\u00f3dice y c\u00f3mo pudo fabricarse este documento. Adem\u00e1s ha escrito una saga de seis novelas (Aventuras de un adolescente moderno), dos vol\u00famenes con relatos de fantas\u00eda y ficci\u00f3n cient\u00edfica (Relatos fant\u00e1sticos y otros cuentos) y las obras t\u00e9cnicas Gu\u00eda del observador planetario y Astronom\u00eda Planetaria con c\u00e1maras CCD.<\/p><ul><li><em><strong><a href=\"https:\/\/wpempresa.com\/eurytion\/el-codice-voynich\/\">El c\u00f3dice Voynich<\/a><\/strong><\/em> (N\u00famero 2, 2017)<\/li><li><a href=\"http:\/\/fronterasdelaciencia.com\/?p=470\"><em><strong>Cri\u00f3nica. Puerta a la inmortalidad<\/strong><\/em><\/a> (N\u00famero 3, 2018)<\/li><\/ul>\t\t\t\t\t\t\t\t<\/div>\n\t\t\t\t<\/div>\n\t\t\t\t<div class=\"elementor-element elementor-element-5a5a651 sc_fly_static elementor-widget elementor-widget-spacer\" data-id=\"5a5a651\" data-element_type=\"widget\" data-widget_type=\"spacer.default\">\n\t\t\t\t<div class=\"elementor-widget-container\">\n\t\t\t\t\t\t\t<div class=\"elementor-spacer\">\n\t\t\t<div class=\"elementor-spacer-inner\"><\/div>\n\t\t<\/div>\n\t\t\t\t\t\t<\/div>\n\t\t\t\t<\/div>\n\t\t\t\t\t<\/div>\n\t\t<\/div>\n\t\t\t\t\t<\/div>\n\t\t<\/section>\n\t\t\t\t<\/div>\n\t\t","protected":false},"excerpt":{"rendered":"<p>MAR\u00cdA JOS\u00c9 ACEBES Psic\u00f3loga especializada en Neuropsicolog\u00eda y Psicoterapia. Trabaja en el campo de las&hellip;<\/p>\n","protected":false},"author":2,"featured_media":0,"parent":0,"menu_order":0,"comment_status":"closed","ping_status":"closed","template":"","meta":{"footnotes":""},"class_list":["post-23791","page","type-page","status-publish","hentry"],"yoast_head":"<!-- This site is optimized with the Yoast SEO plugin v25.3.1 - https:\/\/yoast.com\/wordpress\/plugins\/seo\/ -->\n<title>Nuestros Autores - Eurytion Press<\/title>\n<meta name=\"robots\" content=\"index, follow, max-snippet:-1, max-image-preview:large, max-video-preview:-1\" \/>\n<link rel=\"canonical\" href=\"https:\/\/eurytionpress.com\/en\/nuestros-autores\/\" \/>\n<meta property=\"og:locale\" content=\"en_US\" \/>\n<meta property=\"og:type\" content=\"article\" \/>\n<meta property=\"og:title\" content=\"Nuestros Autores - Eurytion Press\" \/>\n<meta property=\"og:description\" content=\"MAR\u00cdA JOS\u00c9 ACEBES Psic\u00f3loga especializada en Neuropsicolog\u00eda y Psicoterapia. Trabaja en el campo de las&hellip;\" \/>\n<meta property=\"og:url\" content=\"https:\/\/eurytionpress.com\/en\/nuestros-autores\/\" \/>\n<meta property=\"og:site_name\" content=\"Eurytion Press\" \/>\n<meta name=\"twitter:card\" content=\"summary_large_image\" \/>\n<meta name=\"twitter:label1\" content=\"Est. reading time\" \/>\n\t<meta name=\"twitter:data1\" content=\"26 minutes\" \/>\n<script type=\"application\/ld+json\" class=\"yoast-schema-graph\">{\"@context\":\"https:\/\/schema.org\",\"@graph\":[{\"@type\":\"WebPage\",\"@id\":\"https:\/\/eurytionpress.com\/en\/nuestros-autores\/\",\"url\":\"https:\/\/eurytionpress.com\/en\/nuestros-autores\/\",\"name\":\"Nuestros Autores - Eurytion Press\",\"isPartOf\":{\"@id\":\"https:\/\/eurytionpress.com\/en\/#website\"},\"datePublished\":\"2025-01-21T17:31:13+00:00\",\"breadcrumb\":{\"@id\":\"https:\/\/eurytionpress.com\/en\/nuestros-autores\/#breadcrumb\"},\"inLanguage\":\"en-US\",\"potentialAction\":[{\"@type\":\"ReadAction\",\"target\":[\"https:\/\/eurytionpress.com\/en\/nuestros-autores\/\"]}]},{\"@type\":\"BreadcrumbList\",\"@id\":\"https:\/\/eurytionpress.com\/en\/nuestros-autores\/#breadcrumb\",\"itemListElement\":[{\"@type\":\"ListItem\",\"position\":1,\"name\":\"Portada\",\"item\":\"https:\/\/eurytionpress.com\/en\/\"},{\"@type\":\"ListItem\",\"position\":2,\"name\":\"Nuestros Autores\"}]},{\"@type\":\"WebSite\",\"@id\":\"https:\/\/eurytionpress.com\/en\/#website\",\"url\":\"https:\/\/eurytionpress.com\/en\/\",\"name\":\"Eurytion Press\",\"description\":\"Editorial de libros cient\u00edficos y acad\u00e9micos\",\"publisher\":{\"@id\":\"https:\/\/eurytionpress.com\/en\/#organization\"},\"potentialAction\":[{\"@type\":\"SearchAction\",\"target\":{\"@type\":\"EntryPoint\",\"urlTemplate\":\"https:\/\/eurytionpress.com\/en\/?s={search_term_string}\"},\"query-input\":{\"@type\":\"PropertyValueSpecification\",\"valueRequired\":true,\"valueName\":\"search_term_string\"}}],\"inLanguage\":\"en-US\"},{\"@type\":\"Organization\",\"@id\":\"https:\/\/eurytionpress.com\/en\/#organization\",\"name\":\"Eurytion Press\",\"url\":\"https:\/\/eurytionpress.com\/en\/\",\"logo\":{\"@type\":\"ImageObject\",\"inLanguage\":\"en-US\",\"@id\":\"https:\/\/eurytionpress.com\/en\/#\/schema\/logo\/image\/\",\"url\":\"https:\/\/eurytionpress.com\/wp-content\/uploads\/2025\/07\/eurityon-press.png\",\"contentUrl\":\"https:\/\/eurytionpress.com\/wp-content\/uploads\/2025\/07\/eurityon-press.png\",\"width\":229,\"height\":46,\"caption\":\"Eurytion Press\"},\"image\":{\"@id\":\"https:\/\/eurytionpress.com\/en\/#\/schema\/logo\/image\/\"}}]}<\/script>\n<!-- \/ Yoast SEO plugin. -->","yoast_head_json":{"title":"Nuestros Autores - Eurytion Press","robots":{"index":"index","follow":"follow","max-snippet":"max-snippet:-1","max-image-preview":"max-image-preview:large","max-video-preview":"max-video-preview:-1"},"canonical":"https:\/\/eurytionpress.com\/en\/nuestros-autores\/","og_locale":"en_US","og_type":"article","og_title":"Nuestros Autores - Eurytion Press","og_description":"MAR\u00cdA JOS\u00c9 ACEBES Psic\u00f3loga especializada en Neuropsicolog\u00eda y Psicoterapia. Trabaja en el campo de las&hellip;","og_url":"https:\/\/eurytionpress.com\/en\/nuestros-autores\/","og_site_name":"Eurytion Press","twitter_card":"summary_large_image","twitter_misc":{"Est. reading time":"26 minutes"},"schema":{"@context":"https:\/\/schema.org","@graph":[{"@type":"WebPage","@id":"https:\/\/eurytionpress.com\/en\/nuestros-autores\/","url":"https:\/\/eurytionpress.com\/en\/nuestros-autores\/","name":"Nuestros Autores - Eurytion Press","isPartOf":{"@id":"https:\/\/eurytionpress.com\/en\/#website"},"datePublished":"2025-01-21T17:31:13+00:00","breadcrumb":{"@id":"https:\/\/eurytionpress.com\/en\/nuestros-autores\/#breadcrumb"},"inLanguage":"en-US","potentialAction":[{"@type":"ReadAction","target":["https:\/\/eurytionpress.com\/en\/nuestros-autores\/"]}]},{"@type":"BreadcrumbList","@id":"https:\/\/eurytionpress.com\/en\/nuestros-autores\/#breadcrumb","itemListElement":[{"@type":"ListItem","position":1,"name":"Portada","item":"https:\/\/eurytionpress.com\/en\/"},{"@type":"ListItem","position":2,"name":"Nuestros Autores"}]},{"@type":"WebSite","@id":"https:\/\/eurytionpress.com\/en\/#website","url":"https:\/\/eurytionpress.com\/en\/","name":"Eurytion Press","description":"Editorial de libros cient\u00edficos y acad\u00e9micos","publisher":{"@id":"https:\/\/eurytionpress.com\/en\/#organization"},"potentialAction":[{"@type":"SearchAction","target":{"@type":"EntryPoint","urlTemplate":"https:\/\/eurytionpress.com\/en\/?s={search_term_string}"},"query-input":{"@type":"PropertyValueSpecification","valueRequired":true,"valueName":"search_term_string"}}],"inLanguage":"en-US"},{"@type":"Organization","@id":"https:\/\/eurytionpress.com\/en\/#organization","name":"Eurytion Press","url":"https:\/\/eurytionpress.com\/en\/","logo":{"@type":"ImageObject","inLanguage":"en-US","@id":"https:\/\/eurytionpress.com\/en\/#\/schema\/logo\/image\/","url":"https:\/\/eurytionpress.com\/wp-content\/uploads\/2025\/07\/eurityon-press.png","contentUrl":"https:\/\/eurytionpress.com\/wp-content\/uploads\/2025\/07\/eurityon-press.png","width":229,"height":46,"caption":"Eurytion Press"},"image":{"@id":"https:\/\/eurytionpress.com\/en\/#\/schema\/logo\/image\/"}}]}},"_links":{"self":[{"href":"https:\/\/eurytionpress.com\/en\/wp-json\/wp\/v2\/pages\/23791","targetHints":{"allow":["GET"]}}],"collection":[{"href":"https:\/\/eurytionpress.com\/en\/wp-json\/wp\/v2\/pages"}],"about":[{"href":"https:\/\/eurytionpress.com\/en\/wp-json\/wp\/v2\/types\/page"}],"author":[{"embeddable":true,"href":"https:\/\/eurytionpress.com\/en\/wp-json\/wp\/v2\/users\/2"}],"replies":[{"embeddable":true,"href":"https:\/\/eurytionpress.com\/en\/wp-json\/wp\/v2\/comments?post=23791"}],"version-history":[{"count":0,"href":"https:\/\/eurytionpress.com\/en\/wp-json\/wp\/v2\/pages\/23791\/revisions"}],"wp:attachment":[{"href":"https:\/\/eurytionpress.com\/en\/wp-json\/wp\/v2\/media?parent=23791"}],"curies":[{"name":"wp","href":"https:\/\/api.w.org\/{rel}","templated":true}]}}