{"id":23720,"date":"2025-07-01T14:44:10","date_gmt":"2025-07-01T12:44:10","guid":{"rendered":"https:\/\/wpempresa.com\/eurytion\/interdisciplinaridad-en-educacion-ambiental-modelos-y-desarrollo\/"},"modified":"2025-07-01T14:44:10","modified_gmt":"2025-07-01T12:44:10","slug":"interdisciplinaridad-en-educacion-ambiental-modelos-y-desarrollo","status":"publish","type":"product","link":"https:\/\/eurytionpress.com\/en\/interdisciplinaridad-en-educacion-ambiental-modelos-y-desarrollo\/","title":{"rendered":"Interdisciplinaridad en Educaci\u00f3n Ambiental: Modelos y Desarrollo"},"content":{"rendered":"<p>G\u00f3mez Gal\u00e1n, Jos\u00e9. Interdisciplinaridad en Educaci\u00f3n Ambiental: Modelos y Desarrollo. Cupey: UMET Press, 2018.<\/p>\n","protected":false},"excerpt":{"rendered":"<p>La obra &#8220;Interdisciplinaridad en Educaci\u00f3n Ambiental: Modelos y Desarrollo&#8221; es una contribuci\u00f3n fundamental al cuerpo te\u00f3rico y metodol\u00f3gico de la Educaci\u00f3n Ambiental (EA). Teniendo en cuenta la creciente complejidad de los retos sociales derivados de los problemas de naturaleza ecol\u00f3gica actuales, el trabajo argumenta que existen m\u00faltiples enfoques educativos ante ello \u2013lo que ofrece un escenario sumamente fragmentado\u2013 defendiendo la necesidad de un avance integrador hacia la interdisciplinariedad. Se realiza un an\u00e1lisis exhaustivo de los modelos predominantes en EA, identificando sus fundamentos \u00e9ticos subyacentes \u2013antropoc\u00e9ntricos, zooc\u00e9ntricos, bioc\u00e9ntricos y ecoc\u00e9ntricos\u2013 y sus limitaciones inherentes al no existir un marco \u00e9tico-ambiental unificado. El objetivo principal del libro, por tanto, busca la formulaci\u00f3n y desarrollo de un constructo te\u00f3rico hol\u00edstico e integrador. Este modelo innovador no solo reconoce la diversidad de perspectivas \u00e9ticas, sino que las sintetiza, conjugando sus valores nucleares para fundamentar una EA que trascienda la mera instrucci\u00f3n de conductas y se constituya como una aut\u00e9ntica educaci\u00f3n en valores medioambientales. Este enfoque propugna una transformaci\u00f3n \u00e9tica multidimensional, intr\u00ednsecamente ligada al desarrollo humano y social, que fomente el respeto a la alteridad \u2013potenciando la protecci\u00f3n debida hacia los dem\u00e1s seres sintientes\u2013 y nuestra responsabilidad en la conservaci\u00f3n de la biosfera, de la que todos formamos parte. Se subraya la urgencia de adoptar esta perspectiva globalizadora en la praxis educativa, constatando su escasa implementaci\u00f3n actual. Para subsanar esta brecha, la obra ofrece propuestas detalladas de dise\u00f1o curricular y estrategias did\u00e1cticas aplicables transversalmente, desde las etapas de educaci\u00f3n infantil hasta la universidad, y que son ilustradas con ejemplos pr\u00e1cticos que integran recursos tradicionales y digitales que demuestran la viabilidad y las ventajas pedag\u00f3gicas del modelo interdisciplinar defendido. Por sus caracter\u00edsticas, este libro est\u00e1 destinado a investigadores y acad\u00e9micos en los campos de la pedagog\u00eda, educaci\u00f3n ambiental, filosof\u00eda o sociolog\u00eda ambiental, entre otras afines, a docentes y formadores de todos los niveles educativos, a dise\u00f1adores curriculares y responsables de pol\u00edticas educativas, a estudiantes de grado y posgrado en ciencias de la educaci\u00f3n y otras especialidades como las indicadas, y a profesionales de gesti\u00f3n ambiental y sostenibilidad que busquen fundamentos pedag\u00f3gicos s\u00f3lidos y eficaces para programas de sensibilizaci\u00f3n y capacitaci\u00f3n.<\/p>\n","protected":false},"featured_media":22384,"comment_status":"closed","ping_status":"closed","template":"","meta":[],"product_brand":[],"product_cat":[689,925],"product_tag":[],"class_list":{"0":"post-23720","1":"product","2":"type-product","3":"status-publish","4":"has-post-thumbnail","6":"product_cat-international-en","7":"product_cat-printed-book","9":"first","10":"instock","11":"product-type-external"},"yoast_head":"<!-- This site is optimized with the Yoast SEO plugin v25.3.1 - https:\/\/yoast.com\/wordpress\/plugins\/seo\/ -->\n<title>Interdisciplinaridad en Educaci\u00f3n Ambiental: Modelos y Desarrollo - Eurytion Press<\/title>\n<meta name=\"robots\" content=\"index, follow, max-snippet:-1, max-image-preview:large, max-video-preview:-1\" \/>\n<link rel=\"canonical\" href=\"https:\/\/eurytionpress.com\/en\/interdisciplinaridad-en-educacion-ambiental-modelos-y-desarrollo\/\" \/>\n<meta property=\"og:locale\" content=\"en_US\" \/>\n<meta property=\"og:type\" content=\"article\" \/>\n<meta property=\"og:title\" content=\"Interdisciplinaridad en Educaci\u00f3n Ambiental: Modelos y Desarrollo - Eurytion Press\" \/>\n<meta property=\"og:description\" content=\"La obra &quot;Interdisciplinaridad en Educaci\u00f3n Ambiental: Modelos y Desarrollo&quot; es una contribuci\u00f3n fundamental al cuerpo te\u00f3rico y metodol\u00f3gico de la Educaci\u00f3n Ambiental (EA). Teniendo en cuenta la creciente complejidad de los retos sociales derivados de los problemas de naturaleza ecol\u00f3gica actuales, el trabajo argumenta que existen m\u00faltiples enfoques educativos ante ello \u2013lo que ofrece un escenario sumamente fragmentado\u2013 defendiendo la necesidad de un avance integrador hacia la interdisciplinariedad. Se realiza un an\u00e1lisis exhaustivo de los modelos predominantes en EA, identificando sus fundamentos \u00e9ticos subyacentes \u2013antropoc\u00e9ntricos, zooc\u00e9ntricos, bioc\u00e9ntricos y ecoc\u00e9ntricos\u2013 y sus limitaciones inherentes al no existir un marco \u00e9tico-ambiental unificado. El objetivo principal del libro, por tanto, busca la formulaci\u00f3n y desarrollo de un constructo te\u00f3rico hol\u00edstico e integrador. Este modelo innovador no solo reconoce la diversidad de perspectivas \u00e9ticas, sino que las sintetiza, conjugando sus valores nucleares para fundamentar una EA que trascienda la mera instrucci\u00f3n de conductas y se constituya como una aut\u00e9ntica educaci\u00f3n en valores medioambientales. Este enfoque propugna una transformaci\u00f3n \u00e9tica multidimensional, intr\u00ednsecamente ligada al desarrollo humano y social, que fomente el respeto a la alteridad \u2013potenciando la protecci\u00f3n debida hacia los dem\u00e1s seres sintientes\u2013 y nuestra responsabilidad en la conservaci\u00f3n de la biosfera, de la que todos formamos parte. Se subraya la urgencia de adoptar esta perspectiva globalizadora en la praxis educativa, constatando su escasa implementaci\u00f3n actual. Para subsanar esta brecha, la obra ofrece propuestas detalladas de dise\u00f1o curricular y estrategias did\u00e1cticas aplicables transversalmente, desde las etapas de educaci\u00f3n infantil hasta la universidad, y que son ilustradas con ejemplos pr\u00e1cticos que integran recursos tradicionales y digitales que demuestran la viabilidad y las ventajas pedag\u00f3gicas del modelo interdisciplinar defendido. Por sus caracter\u00edsticas, este libro est\u00e1 destinado a investigadores y acad\u00e9micos en los campos de la pedagog\u00eda, educaci\u00f3n ambiental, filosof\u00eda o sociolog\u00eda ambiental, entre otras afines, a docentes y formadores de todos los niveles educativos, a dise\u00f1adores curriculares y responsables de pol\u00edticas educativas, a estudiantes de grado y posgrado en ciencias de la educaci\u00f3n y otras especialidades como las indicadas, y a profesionales de gesti\u00f3n ambiental y sostenibilidad que busquen fundamentos pedag\u00f3gicos s\u00f3lidos y eficaces para programas de sensibilizaci\u00f3n y capacitaci\u00f3n.\" \/>\n<meta property=\"og:url\" content=\"https:\/\/eurytionpress.com\/en\/interdisciplinaridad-en-educacion-ambiental-modelos-y-desarrollo\/\" \/>\n<meta property=\"og:site_name\" content=\"Eurytion Press\" \/>\n<meta property=\"og:image\" content=\"https:\/\/eurytionpress.com\/wp-content\/uploads\/2025\/07\/interdisciplinaridad-en-educacion-ambiental-cover.png\" \/>\n\t<meta property=\"og:image:width\" content=\"738\" \/>\n\t<meta property=\"og:image:height\" content=\"1170\" \/>\n\t<meta property=\"og:image:type\" content=\"image\/png\" \/>\n<meta name=\"twitter:card\" content=\"summary_large_image\" \/>\n<script type=\"application\/ld+json\" class=\"yoast-schema-graph\">{\"@context\":\"https:\/\/schema.org\",\"@graph\":[{\"@type\":\"WebPage\",\"@id\":\"https:\/\/eurytionpress.com\/en\/interdisciplinaridad-en-educacion-ambiental-modelos-y-desarrollo\/\",\"url\":\"https:\/\/eurytionpress.com\/en\/interdisciplinaridad-en-educacion-ambiental-modelos-y-desarrollo\/\",\"name\":\"Interdisciplinaridad en Educaci\u00f3n Ambiental: Modelos y Desarrollo - Eurytion Press\",\"isPartOf\":{\"@id\":\"https:\/\/eurytionpress.com\/en\/#website\"},\"primaryImageOfPage\":{\"@id\":\"https:\/\/eurytionpress.com\/en\/interdisciplinaridad-en-educacion-ambiental-modelos-y-desarrollo\/#primaryimage\"},\"image\":{\"@id\":\"https:\/\/eurytionpress.com\/en\/interdisciplinaridad-en-educacion-ambiental-modelos-y-desarrollo\/#primaryimage\"},\"thumbnailUrl\":\"https:\/\/eurytionpress.com\/wp-content\/uploads\/2025\/07\/interdisciplinaridad-en-educacion-ambiental-cover.png\",\"datePublished\":\"2025-07-01T12:44:10+00:00\",\"breadcrumb\":{\"@id\":\"https:\/\/eurytionpress.com\/en\/interdisciplinaridad-en-educacion-ambiental-modelos-y-desarrollo\/#breadcrumb\"},\"inLanguage\":\"en-US\",\"potentialAction\":[{\"@type\":\"ReadAction\",\"target\":[\"https:\/\/eurytionpress.com\/en\/interdisciplinaridad-en-educacion-ambiental-modelos-y-desarrollo\/\"]}]},{\"@type\":\"ImageObject\",\"inLanguage\":\"en-US\",\"@id\":\"https:\/\/eurytionpress.com\/en\/interdisciplinaridad-en-educacion-ambiental-modelos-y-desarrollo\/#primaryimage\",\"url\":\"https:\/\/eurytionpress.com\/wp-content\/uploads\/2025\/07\/interdisciplinaridad-en-educacion-ambiental-cover.png\",\"contentUrl\":\"https:\/\/eurytionpress.com\/wp-content\/uploads\/2025\/07\/interdisciplinaridad-en-educacion-ambiental-cover.png\",\"width\":738,\"height\":1170},{\"@type\":\"BreadcrumbList\",\"@id\":\"https:\/\/eurytionpress.com\/en\/interdisciplinaridad-en-educacion-ambiental-modelos-y-desarrollo\/#breadcrumb\",\"itemListElement\":[{\"@type\":\"ListItem\",\"position\":1,\"name\":\"Portada\",\"item\":\"https:\/\/eurytionpress.com\/en\/\"},{\"@type\":\"ListItem\",\"position\":2,\"name\":\"Libros\",\"item\":\"https:\/\/eurytionpress.com\/libros-2\/\"},{\"@type\":\"ListItem\",\"position\":3,\"name\":\"Interdisciplinaridad en Educaci\u00f3n Ambiental: Modelos y Desarrollo\"}]},{\"@type\":\"WebSite\",\"@id\":\"https:\/\/eurytionpress.com\/en\/#website\",\"url\":\"https:\/\/eurytionpress.com\/en\/\",\"name\":\"Eurytion Press\",\"description\":\"Editorial de libros cient\u00edficos y acad\u00e9micos\",\"publisher\":{\"@id\":\"https:\/\/eurytionpress.com\/en\/#organization\"},\"potentialAction\":[{\"@type\":\"SearchAction\",\"target\":{\"@type\":\"EntryPoint\",\"urlTemplate\":\"https:\/\/eurytionpress.com\/en\/?s={search_term_string}\"},\"query-input\":{\"@type\":\"PropertyValueSpecification\",\"valueRequired\":true,\"valueName\":\"search_term_string\"}}],\"inLanguage\":\"en-US\"},{\"@type\":\"Organization\",\"@id\":\"https:\/\/eurytionpress.com\/en\/#organization\",\"name\":\"Eurytion Press\",\"url\":\"https:\/\/eurytionpress.com\/en\/\",\"logo\":{\"@type\":\"ImageObject\",\"inLanguage\":\"en-US\",\"@id\":\"https:\/\/eurytionpress.com\/en\/#\/schema\/logo\/image\/\",\"url\":\"https:\/\/eurytionpress.com\/wp-content\/uploads\/2025\/07\/eurityon-press.png\",\"contentUrl\":\"https:\/\/eurytionpress.com\/wp-content\/uploads\/2025\/07\/eurityon-press.png\",\"width\":229,\"height\":46,\"caption\":\"Eurytion Press\"},\"image\":{\"@id\":\"https:\/\/eurytionpress.com\/en\/#\/schema\/logo\/image\/\"}}]}<\/script>\n<!-- \/ Yoast SEO plugin. -->","yoast_head_json":{"title":"Interdisciplinaridad en Educaci\u00f3n Ambiental: Modelos y Desarrollo - Eurytion Press","robots":{"index":"index","follow":"follow","max-snippet":"max-snippet:-1","max-image-preview":"max-image-preview:large","max-video-preview":"max-video-preview:-1"},"canonical":"https:\/\/eurytionpress.com\/en\/interdisciplinaridad-en-educacion-ambiental-modelos-y-desarrollo\/","og_locale":"en_US","og_type":"article","og_title":"Interdisciplinaridad en Educaci\u00f3n Ambiental: Modelos y Desarrollo - Eurytion Press","og_description":"La obra \"Interdisciplinaridad en Educaci\u00f3n Ambiental: Modelos y Desarrollo\" es una contribuci\u00f3n fundamental al cuerpo te\u00f3rico y metodol\u00f3gico de la Educaci\u00f3n Ambiental (EA). Teniendo en cuenta la creciente complejidad de los retos sociales derivados de los problemas de naturaleza ecol\u00f3gica actuales, el trabajo argumenta que existen m\u00faltiples enfoques educativos ante ello \u2013lo que ofrece un escenario sumamente fragmentado\u2013 defendiendo la necesidad de un avance integrador hacia la interdisciplinariedad. Se realiza un an\u00e1lisis exhaustivo de los modelos predominantes en EA, identificando sus fundamentos \u00e9ticos subyacentes \u2013antropoc\u00e9ntricos, zooc\u00e9ntricos, bioc\u00e9ntricos y ecoc\u00e9ntricos\u2013 y sus limitaciones inherentes al no existir un marco \u00e9tico-ambiental unificado. El objetivo principal del libro, por tanto, busca la formulaci\u00f3n y desarrollo de un constructo te\u00f3rico hol\u00edstico e integrador. Este modelo innovador no solo reconoce la diversidad de perspectivas \u00e9ticas, sino que las sintetiza, conjugando sus valores nucleares para fundamentar una EA que trascienda la mera instrucci\u00f3n de conductas y se constituya como una aut\u00e9ntica educaci\u00f3n en valores medioambientales. Este enfoque propugna una transformaci\u00f3n \u00e9tica multidimensional, intr\u00ednsecamente ligada al desarrollo humano y social, que fomente el respeto a la alteridad \u2013potenciando la protecci\u00f3n debida hacia los dem\u00e1s seres sintientes\u2013 y nuestra responsabilidad en la conservaci\u00f3n de la biosfera, de la que todos formamos parte. Se subraya la urgencia de adoptar esta perspectiva globalizadora en la praxis educativa, constatando su escasa implementaci\u00f3n actual. Para subsanar esta brecha, la obra ofrece propuestas detalladas de dise\u00f1o curricular y estrategias did\u00e1cticas aplicables transversalmente, desde las etapas de educaci\u00f3n infantil hasta la universidad, y que son ilustradas con ejemplos pr\u00e1cticos que integran recursos tradicionales y digitales que demuestran la viabilidad y las ventajas pedag\u00f3gicas del modelo interdisciplinar defendido. Por sus caracter\u00edsticas, este libro est\u00e1 destinado a investigadores y acad\u00e9micos en los campos de la pedagog\u00eda, educaci\u00f3n ambiental, filosof\u00eda o sociolog\u00eda ambiental, entre otras afines, a docentes y formadores de todos los niveles educativos, a dise\u00f1adores curriculares y responsables de pol\u00edticas educativas, a estudiantes de grado y posgrado en ciencias de la educaci\u00f3n y otras especialidades como las indicadas, y a profesionales de gesti\u00f3n ambiental y sostenibilidad que busquen fundamentos pedag\u00f3gicos s\u00f3lidos y eficaces para programas de sensibilizaci\u00f3n y capacitaci\u00f3n.","og_url":"https:\/\/eurytionpress.com\/en\/interdisciplinaridad-en-educacion-ambiental-modelos-y-desarrollo\/","og_site_name":"Eurytion Press","og_image":[{"width":738,"height":1170,"url":"https:\/\/eurytionpress.com\/wp-content\/uploads\/2025\/07\/interdisciplinaridad-en-educacion-ambiental-cover.png","type":"image\/png"}],"twitter_card":"summary_large_image","schema":{"@context":"https:\/\/schema.org","@graph":[{"@type":"WebPage","@id":"https:\/\/eurytionpress.com\/en\/interdisciplinaridad-en-educacion-ambiental-modelos-y-desarrollo\/","url":"https:\/\/eurytionpress.com\/en\/interdisciplinaridad-en-educacion-ambiental-modelos-y-desarrollo\/","name":"Interdisciplinaridad en Educaci\u00f3n Ambiental: Modelos y Desarrollo - Eurytion Press","isPartOf":{"@id":"https:\/\/eurytionpress.com\/en\/#website"},"primaryImageOfPage":{"@id":"https:\/\/eurytionpress.com\/en\/interdisciplinaridad-en-educacion-ambiental-modelos-y-desarrollo\/#primaryimage"},"image":{"@id":"https:\/\/eurytionpress.com\/en\/interdisciplinaridad-en-educacion-ambiental-modelos-y-desarrollo\/#primaryimage"},"thumbnailUrl":"https:\/\/eurytionpress.com\/wp-content\/uploads\/2025\/07\/interdisciplinaridad-en-educacion-ambiental-cover.png","datePublished":"2025-07-01T12:44:10+00:00","breadcrumb":{"@id":"https:\/\/eurytionpress.com\/en\/interdisciplinaridad-en-educacion-ambiental-modelos-y-desarrollo\/#breadcrumb"},"inLanguage":"en-US","potentialAction":[{"@type":"ReadAction","target":["https:\/\/eurytionpress.com\/en\/interdisciplinaridad-en-educacion-ambiental-modelos-y-desarrollo\/"]}]},{"@type":"ImageObject","inLanguage":"en-US","@id":"https:\/\/eurytionpress.com\/en\/interdisciplinaridad-en-educacion-ambiental-modelos-y-desarrollo\/#primaryimage","url":"https:\/\/eurytionpress.com\/wp-content\/uploads\/2025\/07\/interdisciplinaridad-en-educacion-ambiental-cover.png","contentUrl":"https:\/\/eurytionpress.com\/wp-content\/uploads\/2025\/07\/interdisciplinaridad-en-educacion-ambiental-cover.png","width":738,"height":1170},{"@type":"BreadcrumbList","@id":"https:\/\/eurytionpress.com\/en\/interdisciplinaridad-en-educacion-ambiental-modelos-y-desarrollo\/#breadcrumb","itemListElement":[{"@type":"ListItem","position":1,"name":"Portada","item":"https:\/\/eurytionpress.com\/en\/"},{"@type":"ListItem","position":2,"name":"Libros","item":"https:\/\/eurytionpress.com\/libros-2\/"},{"@type":"ListItem","position":3,"name":"Interdisciplinaridad en Educaci\u00f3n Ambiental: Modelos y Desarrollo"}]},{"@type":"WebSite","@id":"https:\/\/eurytionpress.com\/en\/#website","url":"https:\/\/eurytionpress.com\/en\/","name":"Eurytion Press","description":"Editorial de libros cient\u00edficos y acad\u00e9micos","publisher":{"@id":"https:\/\/eurytionpress.com\/en\/#organization"},"potentialAction":[{"@type":"SearchAction","target":{"@type":"EntryPoint","urlTemplate":"https:\/\/eurytionpress.com\/en\/?s={search_term_string}"},"query-input":{"@type":"PropertyValueSpecification","valueRequired":true,"valueName":"search_term_string"}}],"inLanguage":"en-US"},{"@type":"Organization","@id":"https:\/\/eurytionpress.com\/en\/#organization","name":"Eurytion Press","url":"https:\/\/eurytionpress.com\/en\/","logo":{"@type":"ImageObject","inLanguage":"en-US","@id":"https:\/\/eurytionpress.com\/en\/#\/schema\/logo\/image\/","url":"https:\/\/eurytionpress.com\/wp-content\/uploads\/2025\/07\/eurityon-press.png","contentUrl":"https:\/\/eurytionpress.com\/wp-content\/uploads\/2025\/07\/eurityon-press.png","width":229,"height":46,"caption":"Eurytion Press"},"image":{"@id":"https:\/\/eurytionpress.com\/en\/#\/schema\/logo\/image\/"}}]}},"_links":{"self":[{"href":"https:\/\/eurytionpress.com\/en\/wp-json\/wp\/v2\/product\/23720","targetHints":{"allow":["GET"]}}],"collection":[{"href":"https:\/\/eurytionpress.com\/en\/wp-json\/wp\/v2\/product"}],"about":[{"href":"https:\/\/eurytionpress.com\/en\/wp-json\/wp\/v2\/types\/product"}],"replies":[{"embeddable":true,"href":"https:\/\/eurytionpress.com\/en\/wp-json\/wp\/v2\/comments?post=23720"}],"wp:featuredmedia":[{"embeddable":true,"href":"https:\/\/eurytionpress.com\/en\/wp-json\/wp\/v2\/media\/22384"}],"wp:attachment":[{"href":"https:\/\/eurytionpress.com\/en\/wp-json\/wp\/v2\/media?parent=23720"}],"wp:term":[{"taxonomy":"product_brand","embeddable":true,"href":"https:\/\/eurytionpress.com\/en\/wp-json\/wp\/v2\/product_brand?post=23720"},{"taxonomy":"product_cat","embeddable":true,"href":"https:\/\/eurytionpress.com\/en\/wp-json\/wp\/v2\/product_cat?post=23720"},{"taxonomy":"product_tag","embeddable":true,"href":"https:\/\/eurytionpress.com\/en\/wp-json\/wp\/v2\/product_tag?post=23720"}],"curies":[{"name":"wp","href":"https:\/\/api.w.org\/{rel}","templated":true}]}}